{"id":8561,"date":"2023-03-21T13:30:48","date_gmt":"2023-03-21T13:30:48","guid":{"rendered":"https:\/\/magazzinimanzanesi.it\/catalogo\/uncategorized\/moebelscharnier-mit-federverschluss\/"},"modified":"2023-03-21T13:30:48","modified_gmt":"2023-03-21T13:30:48","slug":"moebelscharnier-mit-federverschluss","status":"publish","type":"product","link":"https:\/\/magazzinimanzanesi.it\/de\/katalog\/fur-mobel\/moebelscharnier-mit-federverschluss\/","title":{"rendered":"M\u00f6belscharnier mit Federverschluss"},"content":{"rendered":"<h1>Scharnier mit Federmechanismus<\/h1>\n<p>&nbsp;<\/p>\n<h2>M\u00f6belscharnier mit Federverschluss: Komfortabel und sicher<\/h2>\n<p>M\u00f6belscharnier aus Stahl komplett mit Montageplatte, geeignet zum \u00d6ffnen und Schlie\u00dfen von M\u00f6belt\u00fcren. Erh\u00e4ltlich in gerader Ausf\u00fchrung, als Mittelkr\u00f6pfung und als Hochkr\u00f6pfung. Die Federmechanik sorgt f\u00fcr ein kontrolliertes Schlie\u00dfen des T\u00fcrblatts.<\/p>\n<p>&nbsp;<\/p>\n<h3>M\u00f6belscharnier mit Federverschluss \u2013 Ma\u00dfe:<\/h3>\n<p>Federverschluss<br \/>\nT\u00fcrst\u00e4rke von 14 bis 23 mm<br \/>\nDreidimensional verstellbar<br \/>\nBohrtoleranz f\u00fcr den Topf D = 3 \u223c 7 mm<\/p>\n","protected":false},"excerpt":{"rendered":"<p>Scharnier mit Federmechanismus &nbsp; M\u00f6belscharnier mit Federverschluss: Komfortabel und sicher M\u00f6belscharnier aus Stahl komplett mit Montageplatte, geeignet zum \u00d6ffnen und Schlie\u00dfen von M\u00f6belt\u00fcren. Erh\u00e4ltlich in gerader Ausf\u00fchrung, als Mittelkr\u00f6pfung und als Hochkr\u00f6pfung. Die Federmechanik sorgt f\u00fcr ein kontrolliertes Schlie\u00dfen des T\u00fcrblatts. &nbsp; M\u00f6belscharnier mit Federverschluss \u2013 Ma\u00dfe: Federverschluss T\u00fcrst\u00e4rke von 14 bis 23 mm Dreidimensional [&hellip;]<\/p>\n","protected":false},"featured_media":6047,"comment_status":"closed","ping_status":"closed","template":"","meta":{"_acf_changed":false},"product_brand":[],"product_cat":[250],"product_tag":[],"class_list":{"0":"post-8561","1":"product","2":"type-product","3":"status-publish","4":"has-post-thumbnail","6":"product_cat-fur-mobel","8":"first","9":"instock","10":"shipping-taxable","11":"product-type-simple"},"acf":[],"_links":{"self":[{"href":"https:\/\/magazzinimanzanesi.it\/de\/wp-json\/wp\/v2\/product\/8561","targetHints":{"allow":["GET"]}}],"collection":[{"href":"https:\/\/magazzinimanzanesi.it\/de\/wp-json\/wp\/v2\/product"}],"about":[{"href":"https:\/\/magazzinimanzanesi.it\/de\/wp-json\/wp\/v2\/types\/product"}],"replies":[{"embeddable":true,"href":"https:\/\/magazzinimanzanesi.it\/de\/wp-json\/wp\/v2\/comments?post=8561"}],"wp:featuredmedia":[{"embeddable":true,"href":"https:\/\/magazzinimanzanesi.it\/de\/wp-json\/wp\/v2\/media\/6047"}],"wp:attachment":[{"href":"https:\/\/magazzinimanzanesi.it\/de\/wp-json\/wp\/v2\/media?parent=8561"}],"wp:term":[{"taxonomy":"product_brand","embeddable":true,"href":"https:\/\/magazzinimanzanesi.it\/de\/wp-json\/wp\/v2\/product_brand?post=8561"},{"taxonomy":"product_cat","embeddable":true,"href":"https:\/\/magazzinimanzanesi.it\/de\/wp-json\/wp\/v2\/product_cat?post=8561"},{"taxonomy":"product_tag","embeddable":true,"href":"https:\/\/magazzinimanzanesi.it\/de\/wp-json\/wp\/v2\/product_tag?post=8561"}],"curies":[{"name":"wp","href":"https:\/\/api.w.org\/{rel}","templated":true}]}}