{"id":8562,"date":"2023-02-20T10:23:25","date_gmt":"2023-02-20T10:23:25","guid":{"rendered":"https:\/\/magazzinimanzanesi.it\/catalogo\/uncategorized\/moebelscharnier-mit-gedaempftem-verschluss\/"},"modified":"2023-02-20T10:23:25","modified_gmt":"2023-02-20T10:23:25","slug":"moebelscharnier-mit-gedaempftem-verschluss","status":"publish","type":"product","link":"https:\/\/magazzinimanzanesi.it\/de\/katalog\/fur-mobel\/moebelscharnier-mit-gedaempftem-verschluss\/","title":{"rendered":"M\u00f6belscharnier mit ged\u00e4mpftem Verschluss"},"content":{"rendered":"<h1>Scharnier mit D\u00e4mpfungsmechanismus<\/h1>\n<p>&nbsp;<\/p>\n<h2>M\u00f6belscharnier mit ged\u00e4mpftem Verschluss: Leises und kontrolliertes Schlie\u00dfen<\/h2>\n<p>M\u00f6belscharnier aus Stahl komplett mit Montageplatte, geeignet zum \u00d6ffnen und Schlie\u00dfen von M\u00f6belt\u00fcren. Erh\u00e4ltlich in gerader Ausf\u00fchrung, als Mittelkr\u00f6pfung und als Hochkr\u00f6pfung. Das integrierte D\u00e4mpfungssystem sorgt f\u00fcr ein langsames und kontrolliertes Schlie\u00dfen.<\/p>\n<p>&nbsp;<\/p>\n<h3>M\u00f6belscharnier mit ged\u00e4mpftem Verschluss \u2013 Ma\u00dfe:<\/h3>\n<p>Ged\u00e4mpfter Verschluss<br \/>\nT\u00fcrst\u00e4rke von 14 bis 23 mm<br \/>\nDreidimensional verstellbar<br \/>\nBohrtoleranz f\u00fcr den Topf D = 3 \u223c 7 mm\n<\/p>\n<p>Oberfl\u00e4chenbehandlungen auf Anfrage:<br \/>\n\u25cf\tbr\u00fcniert<br \/>\n\u25cf\tschwarz verzinkt<br \/>\n\u25cf\twei\u00df verzinkt<br \/>\n\u25cf\ttropikalisiert<br \/>\n\u25cf\tbronziert<br \/>\n\u25cf\tvernickelt<br \/>\n\u25cf\tmessingfarben<\/p>\n","protected":false},"excerpt":{"rendered":"<p>Scharnier mit D\u00e4mpfungsmechanismus &nbsp; M\u00f6belscharnier mit ged\u00e4mpftem Verschluss: Leises und kontrolliertes Schlie\u00dfen M\u00f6belscharnier aus Stahl komplett mit Montageplatte, geeignet zum \u00d6ffnen und Schlie\u00dfen von M\u00f6belt\u00fcren. Erh\u00e4ltlich in gerader Ausf\u00fchrung, als Mittelkr\u00f6pfung und als Hochkr\u00f6pfung. Das integrierte D\u00e4mpfungssystem sorgt f\u00fcr ein langsames und kontrolliertes Schlie\u00dfen. &nbsp; M\u00f6belscharnier mit ged\u00e4mpftem Verschluss \u2013 Ma\u00dfe: Ged\u00e4mpfter Verschluss T\u00fcrst\u00e4rke von [&hellip;]<\/p>\n","protected":false},"featured_media":6057,"comment_status":"closed","ping_status":"closed","template":"","meta":{"_acf_changed":false},"product_brand":[],"product_cat":[250],"product_tag":[],"class_list":{"0":"post-8562","1":"product","2":"type-product","3":"status-publish","4":"has-post-thumbnail","6":"product_cat-fur-mobel","8":"first","9":"instock","10":"shipping-taxable","11":"product-type-simple"},"acf":[],"_links":{"self":[{"href":"https:\/\/magazzinimanzanesi.it\/de\/wp-json\/wp\/v2\/product\/8562","targetHints":{"allow":["GET"]}}],"collection":[{"href":"https:\/\/magazzinimanzanesi.it\/de\/wp-json\/wp\/v2\/product"}],"about":[{"href":"https:\/\/magazzinimanzanesi.it\/de\/wp-json\/wp\/v2\/types\/product"}],"replies":[{"embeddable":true,"href":"https:\/\/magazzinimanzanesi.it\/de\/wp-json\/wp\/v2\/comments?post=8562"}],"wp:featuredmedia":[{"embeddable":true,"href":"https:\/\/magazzinimanzanesi.it\/de\/wp-json\/wp\/v2\/media\/6057"}],"wp:attachment":[{"href":"https:\/\/magazzinimanzanesi.it\/de\/wp-json\/wp\/v2\/media?parent=8562"}],"wp:term":[{"taxonomy":"product_brand","embeddable":true,"href":"https:\/\/magazzinimanzanesi.it\/de\/wp-json\/wp\/v2\/product_brand?post=8562"},{"taxonomy":"product_cat","embeddable":true,"href":"https:\/\/magazzinimanzanesi.it\/de\/wp-json\/wp\/v2\/product_cat?post=8562"},{"taxonomy":"product_tag","embeddable":true,"href":"https:\/\/magazzinimanzanesi.it\/de\/wp-json\/wp\/v2\/product_tag?post=8562"}],"curies":[{"name":"wp","href":"https:\/\/api.w.org\/{rel}","templated":true}]}}