{"id":8588,"date":"2025-01-28T11:25:03","date_gmt":"2025-01-28T11:25:03","guid":{"rendered":"https:\/\/magazzinimanzanesi.it\/catalogo\/uncategorized\/verduennungsloeser-fuer-spachtelmasse\/"},"modified":"2025-01-28T11:25:03","modified_gmt":"2025-01-28T11:25:03","slug":"verduennungsloeser-fuer-spachtelmasse","status":"publish","type":"product","link":"https:\/\/magazzinimanzanesi.it\/de\/katalog\/restaurierung\/verduennungsloeser-fuer-spachtelmasse\/","title":{"rendered":"Verd\u00fcnnungsl\u00f6ser f\u00fcr Spachtelmasse"},"content":{"rendered":"<h1><strong>L\u00f6sungsmittel f\u00fcr Spachtelmasse<\/strong><\/h1>\n<p>&nbsp;<\/p>\n<h2><strong>Verd\u00fcnnungsl\u00f6ser f\u00fcr Spachtelmasse: F\u00fcr die Behandlung getrockneter Spachtelmasse<\/strong><\/h2>\n<p>L\u00f6sungsmittel f\u00fcr Spachtelmasse, ideal zum Verd\u00fcnnen geh\u00e4rteter Spachtelmasse. Es erm\u00f6glicht, die urspr\u00fcngliche Konsistenz der Spachtelmasse wiederherzustellen, ohne ihre Eigenschaften und Farbe zu beeintr\u00e4chtigen.<\/p>\n<h3><strong>Verd\u00fcnnungsl\u00f6ser f\u00fcr Spachtelmasse \u2013 Versionen:<\/strong><\/h3>\n<p>\u2022\u00a0 250 ml<\/p>\n<p>&nbsp;<\/p>\n","protected":false},"excerpt":{"rendered":"<p>L\u00f6sungsmittel f\u00fcr Spachtelmasse &nbsp; Verd\u00fcnnungsl\u00f6ser f\u00fcr Spachtelmasse: F\u00fcr die Behandlung getrockneter Spachtelmasse L\u00f6sungsmittel f\u00fcr Spachtelmasse, ideal zum Verd\u00fcnnen geh\u00e4rteter Spachtelmasse. Es erm\u00f6glicht, die urspr\u00fcngliche Konsistenz der Spachtelmasse wiederherzustellen, ohne ihre Eigenschaften und Farbe zu beeintr\u00e4chtigen. Verd\u00fcnnungsl\u00f6ser f\u00fcr Spachtelmasse \u2013 Versionen: \u2022\u00a0 250 ml &nbsp;<\/p>\n","protected":false},"featured_media":7161,"comment_status":"closed","ping_status":"closed","template":"","meta":{"_acf_changed":false},"product_brand":[],"product_cat":[868],"product_tag":[],"class_list":{"0":"post-8588","1":"product","2":"type-product","3":"status-publish","4":"has-post-thumbnail","6":"product_cat-restaurierung","8":"first","9":"instock","10":"shipping-taxable","11":"product-type-simple"},"acf":[],"_links":{"self":[{"href":"https:\/\/magazzinimanzanesi.it\/de\/wp-json\/wp\/v2\/product\/8588","targetHints":{"allow":["GET"]}}],"collection":[{"href":"https:\/\/magazzinimanzanesi.it\/de\/wp-json\/wp\/v2\/product"}],"about":[{"href":"https:\/\/magazzinimanzanesi.it\/de\/wp-json\/wp\/v2\/types\/product"}],"replies":[{"embeddable":true,"href":"https:\/\/magazzinimanzanesi.it\/de\/wp-json\/wp\/v2\/comments?post=8588"}],"wp:featuredmedia":[{"embeddable":true,"href":"https:\/\/magazzinimanzanesi.it\/de\/wp-json\/wp\/v2\/media\/7161"}],"wp:attachment":[{"href":"https:\/\/magazzinimanzanesi.it\/de\/wp-json\/wp\/v2\/media?parent=8588"}],"wp:term":[{"taxonomy":"product_brand","embeddable":true,"href":"https:\/\/magazzinimanzanesi.it\/de\/wp-json\/wp\/v2\/product_brand?post=8588"},{"taxonomy":"product_cat","embeddable":true,"href":"https:\/\/magazzinimanzanesi.it\/de\/wp-json\/wp\/v2\/product_cat?post=8588"},{"taxonomy":"product_tag","embeddable":true,"href":"https:\/\/magazzinimanzanesi.it\/de\/wp-json\/wp\/v2\/product_tag?post=8588"}],"curies":[{"name":"wp","href":"https:\/\/api.w.org\/{rel}","templated":true}]}}