{"id":2096,"date":"2022-03-01T14:22:54","date_gmt":"2022-03-01T14:22:54","guid":{"rendered":"https:\/\/magazzinimanzanesi.overpx.com\/catalogo\/sin%20categor\u00eda\/tachuela-de-laton\/"},"modified":"2025-03-21T15:57:13","modified_gmt":"2025-03-21T15:57:13","slug":"tachuela-de-laton","status":"publish","type":"product","link":"https:\/\/magazzinimanzanesi.it\/es\/catalogar\/para-muebles\/cabezales\/tachuela-de-laton\/","title":{"rendered":"Esp\u00e1rrago de lat\u00f3n"},"content":{"rendered":"<h1>Bot\u00f3n ciego de lat\u00f3n cabeza plana<\/h1>\n<p>&nbsp;<\/p>\n<h2>Bot\u00f3n ciego de lat\u00f3n: cabeza plana e impresi\u00f3n ranurada<\/h2>\n<p>Bot\u00f3n ciego de lat\u00f3n con cabeza plana e impresi\u00f3n ranurada.<\/p>\n<p>Con un v\u00e1stago roscado internamente conforme a la norma m\u00e9trica ISO y una superficie lisa externamente, este componente de montaje es \u00f3ptimo para aplicaciones en las que el apriete es esencial sin comprometer la est\u00e9tica. La cabeza, que suele utilizarse en lugar de una tuerca, garantiza un apriete seguro de tornillos, pernos y otros elementos roscados.<\/p>\n<p>&nbsp;<\/p>\n<h3><strong>Esp\u00e1rrago de lat\u00f3n &#8211; Tama\u00f1os:<\/strong><\/h3>\n<p>\u2022 \u00d8 cabeza: 12mm \/ 14mm<br \/>\n\u2022 \u00d8 del v\u00e1stago: 10mm<br \/>\n\u2022 Longitud del v\u00e1stago: 12mm<br \/>\n\u2022 Rosca: M8<\/p>\n","protected":false},"excerpt":{"rendered":"<p>Bot\u00f3n ciego de lat\u00f3n cabeza plana &nbsp; Bot\u00f3n ciego de lat\u00f3n: cabeza plana e impresi\u00f3n ranurada Bot\u00f3n ciego de lat\u00f3n con cabeza plana e impresi\u00f3n ranurada. Con un v\u00e1stago roscado internamente conforme a la norma m\u00e9trica ISO y una superficie lisa externamente, este componente de montaje es \u00f3ptimo para aplicaciones en las que el apriete [&hellip;]<\/p>\n","protected":false},"featured_media":4521,"comment_status":"open","ping_status":"closed","template":"","meta":{"_acf_changed":false},"product_brand":[],"product_cat":[215,201],"product_tag":[734],"class_list":{"0":"post-2096","1":"product","2":"type-product","3":"status-publish","4":"has-post-thumbnail","6":"product_cat-cabezales","7":"product_cat-para-muebles","8":"product_tag-esparrago-de-laton","10":"first","11":"instock","12":"product-type-simple"},"acf":[],"_links":{"self":[{"href":"https:\/\/magazzinimanzanesi.it\/es\/wp-json\/wp\/v2\/product\/2096","targetHints":{"allow":["GET"]}}],"collection":[{"href":"https:\/\/magazzinimanzanesi.it\/es\/wp-json\/wp\/v2\/product"}],"about":[{"href":"https:\/\/magazzinimanzanesi.it\/es\/wp-json\/wp\/v2\/types\/product"}],"replies":[{"embeddable":true,"href":"https:\/\/magazzinimanzanesi.it\/es\/wp-json\/wp\/v2\/comments?post=2096"}],"wp:featuredmedia":[{"embeddable":true,"href":"https:\/\/magazzinimanzanesi.it\/es\/wp-json\/wp\/v2\/media\/4521"}],"wp:attachment":[{"href":"https:\/\/magazzinimanzanesi.it\/es\/wp-json\/wp\/v2\/media?parent=2096"}],"wp:term":[{"taxonomy":"product_brand","embeddable":true,"href":"https:\/\/magazzinimanzanesi.it\/es\/wp-json\/wp\/v2\/product_brand?post=2096"},{"taxonomy":"product_cat","embeddable":true,"href":"https:\/\/magazzinimanzanesi.it\/es\/wp-json\/wp\/v2\/product_cat?post=2096"},{"taxonomy":"product_tag","embeddable":true,"href":"https:\/\/magazzinimanzanesi.it\/es\/wp-json\/wp\/v2\/product_tag?post=2096"}],"curies":[{"name":"wp","href":"https:\/\/api.w.org\/{rel}","templated":true}]}}